{"id":92,"date":"2015-04-21T07:00:31","date_gmt":"2015-04-21T05:00:31","guid":{"rendered":"https:\/\/hallenbad.de\/?page_id=92"},"modified":"2025-11-24T10:49:42","modified_gmt":"2025-11-24T09:49:42","slug":"kontakt-infos","status":"publish","type":"page","link":"https:\/\/w10b.de\/testserver\/hallenbad\/kontakt-infos\/","title":{"rendered":"Kontakt"},"content":{"rendered":"\t\t<div data-elementor-type=\"wp-page\" data-elementor-id=\"92\" class=\"elementor elementor-92\" data-elementor-post-type=\"page\">\n\t\t\t\t<div style=\"background-image: url(https:\/\/w10b.de\/testserver\/hallenbad\/wp-content\/uploads\/2015\/04\/Haupteingang_2.jpg);background-position:center center;background-repeat:no-repeat;background-size:cover;\" class=\"e-lazyloaded elementor-element elementor-element-437c2578 e-con-full e-flex e-con e-parent\" data-id=\"437c2578\" data-element_type=\"container\" data-settings=\"{&quot;background_background&quot;:&quot;classic&quot;}\">\n\t\t\t\t<\/div>\n\t\t<div class=\"elementor-element elementor-element-52732f85 e-flex e-con-boxed e-con e-parent\" data-id=\"52732f85\" data-element_type=\"container\" data-settings=\"{&quot;background_background&quot;:&quot;classic&quot;}\">\n\t\t\t\t\t<div class=\"e-con-inner\">\n\t\t<div class=\"elementor-element elementor-element-3dd37a4d e-con-full e-flex e-con e-child\" data-id=\"3dd37a4d\" data-element_type=\"container\" data-settings=\"{&quot;background_background&quot;:&quot;classic&quot;}\">\n\t\t\t\t<div class=\"elementor-element elementor-element-72851a43 elementor-widget__width-inherit elementor-widget elementor-widget-theme-post-title elementor-page-title elementor-widget-heading\" data-id=\"72851a43\" data-element_type=\"widget\" data-widget_type=\"theme-post-title.default\">\n\t\t\t\t<div class=\"elementor-widget-container\">\n\t\t\t\t\t<h1 class=\"elementor-heading-title elementor-size-default\">Kontakt<\/h1>\t\t\t\t<\/div>\n\t\t\t\t<\/div>\n\t\t\t\t<div class=\"elementor-element elementor-element-1985122f elementor-widget elementor-widget-heading\" data-id=\"1985122f\" data-element_type=\"widget\" data-widget_type=\"heading.default\">\n\t\t\t\t<div class=\"elementor-widget-container\">\n\t\t\t\t\t<h2 class=\"elementor-heading-title elementor-size-default\">Infos zum Vorverkauf<\/h2>\t\t\t\t<\/div>\n\t\t\t\t<\/div>\n\t\t\t\t<div class=\"elementor-element elementor-element-768ec88c elementor-widget__width-inherit elementor-widget-divider--view-line elementor-widget elementor-widget-divider\" data-id=\"768ec88c\" data-element_type=\"widget\" data-widget_type=\"divider.default\">\n\t\t\t\t<div class=\"elementor-widget-container\">\n\t\t\t\t\t\t\t<div class=\"elementor-divider\">\n\t\t\t<span class=\"elementor-divider-separator\">\n\t\t\t\t\t\t<\/span>\n\t\t<\/div>\n\t\t\t\t\t\t<\/div>\n\t\t\t\t<\/div>\n\t\t<div class=\"elementor-element elementor-element-61decfae e-con-full e-flex e-con e-child\" data-id=\"61decfae\" data-element_type=\"container\" data-settings=\"{&quot;background_background&quot;:&quot;classic&quot;}\">\n\t\t\t\t<div class=\"elementor-element elementor-element-35293208 elementor-widget elementor-widget-text-editor\" data-id=\"35293208\" data-element_type=\"widget\" data-widget_type=\"text-editor.default\">\n\t\t\t\t<div class=\"elementor-widget-container\">\n\t\t\t\t\t\t\t\t\t<p>Karten k\u00f6nnen Sie an zwei Tagen die\u00a0 Woche auch direkt im Hallenbad erwerben. Unser B\u00fcro hat Dienstag und Donnerstag von 10.00 Uhr bis 16.00 Uhr f\u00fcr Sie ge\u00f6ffnet. Montag, Mittwoch und Freitag bleibt das B\u00fcro geschlossen.<\/p><p>Eine telefonsiche Kartenreservierung ist neun Tage g\u00fcltig, sp\u00e4testens einen Tag vor der Veranstaltung m\u00fcssen die Karten im Kartenvorverkaufsb\u00fcro des Hallenbades abgeholt werden.<\/p><p><strong>Vorverkaufsstellen:<\/strong><br \/>Karten f\u00fcr die Veranstaltungen im Hallenbad erhalten Sie bundesweit an allen bekannten Vorverkaufsstellen und in der Theaterkasse Porschestra\u00dfe 41 D. (gegen\u00fcber der City-Galerie)<\/p><p><strong>Online Buchung:<\/strong><br \/>Karten k\u00f6nnen Sie bequem online im <a href=\"http:\/\/shop.reservix.de\/off\/login_check.php?id=c6ec16e8cf3cd5077514ebef590a1f763d4616b372ef8900411779bf6bedf213&amp;vID=4855&amp;vID=4855\" target=\"_blank\" rel=\"noopener noreferrer\">Reservix-Portal<\/a> buchen. \u00dcber das Reservix-Portal k\u00f6nnen Sie Print@Home-Tickets und Handy-Tickets buchen oder sich Ihre Tickets per Post liefern lassen.<\/p><p><strong>Umtausch von Tickets:<\/strong><br \/>Tickets sind vom Umtausch ausgeschlossen, es sei denn die Veranstaltung wurde abgesagt oder verschoben.<\/p>\t\t\t\t\t\t\t\t<\/div>\n\t\t\t\t<\/div>\n\t\t\t\t<div class=\"elementor-element elementor-element-bff4fb5 elementor-widget elementor-widget-shortcode\" data-id=\"bff4fb5\" data-element_type=\"widget\" data-widget_type=\"shortcode.default\">\n\t\t\t\t<div class=\"elementor-widget-container\">\n\t\t\t\t\t\t\t<div class=\"elementor-shortcode\">\n<div class=\"wpcf7 no-js\" id=\"wpcf7-f463-o1\" lang=\"de-DE\" dir=\"ltr\" data-wpcf7-id=\"463\">\n<div class=\"screen-reader-response\"><p role=\"status\" aria-live=\"polite\" aria-atomic=\"true\"><\/p> <ul><\/ul><\/div>\n<form action=\"\/testserver\/hallenbad\/wp-json\/wp\/v2\/pages\/92#wpcf7-f463-o1\" method=\"post\" class=\"wpcf7-form init\" aria-label=\"Kontaktformular\" novalidate=\"novalidate\" data-status=\"init\">\n<fieldset class=\"hidden-fields-container\"><input type=\"hidden\" name=\"_wpcf7\" value=\"463\" \/><input type=\"hidden\" name=\"_wpcf7_version\" value=\"6.1.3\" \/><input type=\"hidden\" name=\"_wpcf7_locale\" value=\"de_DE\" \/><input type=\"hidden\" name=\"_wpcf7_unit_tag\" value=\"wpcf7-f463-o1\" \/><input type=\"hidden\" name=\"_wpcf7_container_post\" value=\"0\" \/><input type=\"hidden\" name=\"_wpcf7_posted_data_hash\" value=\"\" \/>\n<\/fieldset>\n<p>Ihr Name (Pflichtfeld)\n<\/p>\n<p><span class=\"wpcf7-form-control-wrap\" data-name=\"your-name\"><input size=\"40\" maxlength=\"400\" class=\"wpcf7-form-control wpcf7-text wpcf7-validates-as-required\" aria-required=\"true\" aria-invalid=\"false\" value=\"\" type=\"text\" name=\"your-name\" \/><\/span>\n<\/p>\n<p>Ihre E-Mail-Adresse (Pflichtfeld)\n<\/p>\n<p><span class=\"wpcf7-form-control-wrap\" data-name=\"your-email\"><input size=\"40\" maxlength=\"400\" class=\"wpcf7-form-control wpcf7-email wpcf7-validates-as-required wpcf7-text wpcf7-validates-as-email\" aria-required=\"true\" aria-invalid=\"false\" value=\"\" type=\"email\" name=\"your-email\" \/><\/span>\n<\/p>\n<p>Betreff\n<\/p>\n<p><span class=\"wpcf7-form-control-wrap\" data-name=\"your-subject\"><input size=\"40\" maxlength=\"400\" class=\"wpcf7-form-control wpcf7-text\" aria-invalid=\"false\" value=\"\" type=\"text\" name=\"your-subject\" \/><\/span>\n<\/p>\n<p>Ihre Nachricht\n<\/p>\n<p><span class=\"wpcf7-form-control-wrap\" data-name=\"your-message\"><textarea cols=\"40\" rows=\"10\" maxlength=\"2000\" class=\"wpcf7-form-control wpcf7-textarea\" aria-invalid=\"false\" name=\"your-message\"><\/textarea><\/span>\n<\/p>\n<p><input class=\"wpcf7-form-control wpcf7-submit has-spinner\" type=\"submit\" value=\"Senden\" \/>\n<\/p><div class=\"wpcf7-response-output\" aria-hidden=\"true\"><\/div>\n<\/form>\n<\/div>\n<\/div>\n\t\t\t\t\t\t<\/div>\n\t\t\t\t<\/div>\n\t\t\t\t<\/div>\n\t\t<div class=\"elementor-element elementor-element-77d1878a e-con-full e-flex e-con e-child\" data-id=\"77d1878a\" data-element_type=\"container\">\n\t\t\t\t<div class=\"elementor-element elementor-element-c4d28f8 elementor-widget elementor-widget-heading\" data-id=\"c4d28f8\" data-element_type=\"widget\" data-widget_type=\"heading.default\">\n\t\t\t\t<div class=\"elementor-widget-container\">\n\t\t\t\t\t<h3 class=\"elementor-heading-title elementor-size-default\">Karten&shy;vorverkauf<\/h3>\t\t\t\t<\/div>\n\t\t\t\t<\/div>\n\t\t\t\t<div class=\"elementor-element elementor-element-4308f8ec elementor-widget elementor-widget-text-editor\" data-id=\"4308f8ec\" data-element_type=\"widget\" data-widget_type=\"text-editor.default\">\n\t\t\t\t<div class=\"elementor-widget-container\">\n\t\t\t\t\t\t\t\t\t<p><strong>Hallenbad \u2013 Zentrum junge Kultur GmbH<\/strong><\/p><p>Schachtweg 31<br \/>38440 Wolfsburg<\/p><p>05361 27 28 100<\/p>\t\t\t\t\t\t\t\t<\/div>\n\t\t\t\t<\/div>\n\t\t\t\t<div class=\"elementor-element elementor-element-263a5145 elementor-widget elementor-widget-button\" data-id=\"263a5145\" data-element_type=\"widget\" data-widget_type=\"button.default\">\n\t\t\t\t<div class=\"elementor-widget-container\">\n\t\t\t\t\t\t\t\t\t<div class=\"elementor-button-wrapper\">\n\t\t\t\t\t<a class=\"elementor-button elementor-button-link elementor-size-sm\" href=\"mailto:info@hallenbad.de\">\n\t\t\t\t\t\t<span class=\"elementor-button-content-wrapper\">\n\t\t\t\t\t\t\t\t\t<span class=\"elementor-button-text\">E-Mail Schreiben<\/span>\n\t\t\t\t\t<\/span>\n\t\t\t\t\t<\/a>\n\t\t\t\t<\/div>\n\t\t\t\t\t\t\t\t<\/div>\n\t\t\t\t<\/div>\n\t\t\t\t<div class=\"elementor-element elementor-element-b2a992e elementor-widget elementor-widget-heading\" data-id=\"b2a992e\" data-element_type=\"widget\" data-widget_type=\"heading.default\">\n\t\t\t\t<div class=\"elementor-widget-container\">\n\t\t\t\t\t<h3 class=\"elementor-heading-title elementor-size-default\">\u00d6ffungszeiten<\/h3>\t\t\t\t<\/div>\n\t\t\t\t<\/div>\n\t\t\t\t<div class=\"elementor-element elementor-element-d876069 elementor-widget elementor-widget-text-editor\" data-id=\"d876069\" data-element_type=\"widget\" data-widget_type=\"text-editor.default\">\n\t\t\t\t<div class=\"elementor-widget-container\">\n\t\t\t\t\t\t\t\t\t<p><strong>Dienstag und Donnerstag<\/strong> <br \/>10.00 bis 16.00 Uhr<\/p><p><strong>Montag, Mittwoch und Freitag<\/strong> geschlossen<\/p><p><strong>Einlass Veranstaltungen<\/strong><br \/>In der Regel 60 Minuten vor Veranstaltungsbeginn.<\/p>\t\t\t\t\t\t\t\t<\/div>\n\t\t\t\t<\/div>\n\t\t<div class=\"elementor-element elementor-element-e8e8118 e-con-full e-flex e-con e-child\" data-id=\"e8e8118\" data-element_type=\"container\" data-settings=\"{&quot;background_background&quot;:&quot;classic&quot;}\">\n\t\t\t\t<div class=\"elementor-element elementor-element-1b036dc elementor-widget elementor-widget-heading\" data-id=\"1b036dc\" data-element_type=\"widget\" data-widget_type=\"heading.default\">\n\t\t\t\t<div class=\"elementor-widget-container\">\n\t\t\t\t\t<h2 class=\"elementor-heading-title elementor-size-default\">Mailverteiler <\/h2>\t\t\t\t<\/div>\n\t\t\t\t<\/div>\n\t\t\t\t<div class=\"elementor-element elementor-element-b7d0dc3 elementor-widget elementor-widget-heading\" data-id=\"b7d0dc3\" data-element_type=\"widget\" data-widget_type=\"heading.default\">\n\t\t\t\t<div class=\"elementor-widget-container\">\n\t\t\t\t\t<h3 class=\"elementor-heading-title elementor-size-default\">f\u00fcr Bands und Solok\u00fcnstler*innen der Region<\/h3>\t\t\t\t<\/div>\n\t\t\t\t<\/div>\n\t\t\t\t<div class=\"elementor-element elementor-element-e8f5ac1 elementor-widget-divider--view-line elementor-widget elementor-widget-divider\" data-id=\"e8f5ac1\" data-element_type=\"widget\" data-widget_type=\"divider.default\">\n\t\t\t\t<div class=\"elementor-widget-container\">\n\t\t\t\t\t\t\t<div class=\"elementor-divider\">\n\t\t\t<span class=\"elementor-divider-separator\">\n\t\t\t\t\t\t<\/span>\n\t\t<\/div>\n\t\t\t\t\t\t<\/div>\n\t\t\t\t<\/div>\n\t\t\t\t<div class=\"elementor-element elementor-element-9e9ba42 elementor-widget elementor-widget-text-editor\" data-id=\"9e9ba42\" data-element_type=\"widget\" data-widget_type=\"text-editor.default\">\n\t\t\t\t<div class=\"elementor-widget-container\">\n\t\t\t\t\t\t\t\t\t<p>Ihr seid in einer Band oder als Solok\u00fcnstler*innen unterwegs und m\u00f6chtet keine Auftritte, Wettbewerbe o.\u00c4. mehr verpassen?<\/p><p>Dann schreibt uns eine Mail\u00a0 und wir nehmen euch in unseren Mailverteiler mit auf.<\/p>\t\t\t\t\t\t\t\t<\/div>\n\t\t\t\t<\/div>\n\t\t\t\t<div class=\"elementor-element elementor-element-5774fe5 elementor-widget elementor-widget-button\" data-id=\"5774fe5\" data-element_type=\"widget\" data-widget_type=\"button.default\">\n\t\t\t\t<div class=\"elementor-widget-container\">\n\t\t\t\t\t\t\t\t\t<div class=\"elementor-button-wrapper\">\n\t\t\t\t\t<a class=\"elementor-button elementor-button-link elementor-size-sm\" href=\"mailto:bewerbungen@hallenbad.de\">\n\t\t\t\t\t\t<span class=\"elementor-button-content-wrapper\">\n\t\t\t\t\t\t\t\t\t<span class=\"elementor-button-text\">E-Mail schreiben<\/span>\n\t\t\t\t\t<\/span>\n\t\t\t\t\t<\/a>\n\t\t\t\t<\/div>\n\t\t\t\t\t\t\t\t<\/div>\n\t\t\t\t<\/div>\n\t\t\t\t<\/div>\n\t\t\t\t<\/div>\n\t\t\t\t<div class=\"elementor-element elementor-element-3f14e03 elementor-cta--tablet-layout-image-above elementor-cta--mobile-layout-image-above elementor-widget__width-inherit elementor-cta--layout-image-left elementor-cta--skin-classic elementor-animated-content elementor-widget elementor-widget-call-to-action\" data-id=\"3f14e03\" data-element_type=\"widget\" data-widget_type=\"call-to-action.default\">\n\t\t\t\t<div class=\"elementor-widget-container\">\n\t\t\t\t\t\t\t<div class=\"elementor-cta\">\n\t\t\t\t\t<div class=\"elementor-cta__bg-wrapper\">\n\t\t\t\t<div class=\"elementor-cta__bg elementor-bg\" style=\"background-image: url(https:\/\/w10b.de\/testserver\/hallenbad\/wp-content\/uploads\/2015\/06\/Gutscheine-1280x720.jpg);\" role=\"img\" aria-label=\"Gutscheine\"><\/div>\n\t\t\t\t<div class=\"elementor-cta__bg-overlay\"><\/div>\n\t\t\t<\/div>\n\t\t\t\t\t\t\t<div class=\"elementor-cta__content\">\n\t\t\t\t\n\t\t\t\t\t\t\t\t\t<h3 class=\"elementor-cta__title elementor-cta__content-item elementor-content-item\">\n\t\t\t\t\t\tGutscheine\t\t\t\t\t<\/h3>\n\t\t\t\t\n\t\t\t\t\t\t\t\t\t<div class=\"elementor-cta__description elementor-cta__content-item elementor-content-item\">\n\t\t\t\t\t\tVerschenken Sie Hallenbad-Gutscheine. Diese erhalten Sie direkt im Hallenbad. Unsere Gutscheine sind 3 Jahre g\u00fcltig und k\u00f6nnen f\u00fcr fast alle Veranstaltungen im Hallenbad eingel\u00f6st werden. Wichtig: Der Gutschein stellt keine Eintrittskarte dar. Wenn Sie f\u00fcr den Wert des Gutscheins eine Veranstaltung besuchen m\u00f6chten, m\u00fcssen Sie diesen vorab in unserem Kartenvorkaufsb\u00fcro gegen eine regul\u00e4re Eintrittskarte einl\u00f6sen. Sie k\u00f6nnen den Gutschein auch an der Abendkasse einl\u00f6sen, aber nur, wenn es f\u00fcr die gew\u00fcnschte Veranstaltung an der Abendkasse noch Karten gibt, d.h. wenn sie nicht ausverkauft ist.\n<p>\nAuch im <a href=\"http:\/\/shop.reservix.de\/off\/login_check.php?id=c6ec16e8cf3cd5077514ebef590a1f763d4616b372ef8900411779bf6bedf213&amp;vID=4855&amp;vID=4855&amp;shop=1\" style=\"color:#fff;text-decoration:underline\">Reservixportal <\/a>k\u00f6nnen Sie Gutscheine online kaufen.\n\n<\/p>\t\t\t\t\t<\/div>\n\t\t\t\t\n\t\t\t\t\t\t\t<\/div>\n\t\t\t\t\t\t<\/div>\n\t\t\t\t\t\t<\/div>\n\t\t\t\t<\/div>\n\t\t\t\t<div class=\"elementor-element elementor-element-f6da74a elementor-cta--tablet-layout-image-above elementor-cta--mobile-layout-image-above elementor-widget__width-inherit elementor-cta--layout-image-right elementor-cta--skin-classic elementor-animated-content elementor-widget elementor-widget-call-to-action\" data-id=\"f6da74a\" data-element_type=\"widget\" data-widget_type=\"call-to-action.default\">\n\t\t\t\t<div class=\"elementor-widget-container\">\n\t\t\t\t\t\t\t<div class=\"elementor-cta\">\n\t\t\t\t\t<div class=\"elementor-cta__bg-wrapper\">\n\t\t\t\t<div class=\"elementor-cta__bg elementor-bg\" style=\"background-image: url(https:\/\/w10b.de\/testserver\/hallenbad\/wp-content\/uploads\/2025\/04\/Hallenbad-1280x720.jpg);\" role=\"img\" aria-label=\"Hallenbad\"><\/div>\n\t\t\t\t<div class=\"elementor-cta__bg-overlay\"><\/div>\n\t\t\t<\/div>\n\t\t\t\t\t\t\t<div class=\"elementor-cta__content\">\n\t\t\t\t\n\t\t\t\t\t\t\t\t\t<h3 class=\"elementor-cta__title elementor-cta__content-item elementor-content-item\">\n\t\t\t\t\t\tAbendkasse\t\t\t\t\t<\/h3>\n\t\t\t\t\n\t\t\t\t\t\t\t\t\t<div class=\"elementor-cta__description elementor-cta__content-item elementor-content-item\">\n\t\t\t\t\t\t<strong>Die Abendkasse \u00f6ffnet jeweils eine Stunde vor Vorstellungsbeginn<\/strong> am jeweiligen Auff\u00fchrungsort. \u2028 Sollte eine Veranstaltung nicht ausverkauft sein, k\u00f6nnen auch an der Abendkasse Karten erworben werden. Informieren Sie sich sicherheitshalber im Vorfeld, ob noch Karten vorhanden sind. In der Regel ist der Preis an der Abendkasse etwas h\u00f6her als im Vorverkauf. \t\t\t\t\t<\/div>\n\t\t\t\t\n\t\t\t\t\t\t\t<\/div>\n\t\t\t\t\t\t<\/div>\n\t\t\t\t\t\t<\/div>\n\t\t\t\t<\/div>\n\t\t\t\t<div class=\"elementor-element elementor-element-3755481 elementor-cta--tablet-layout-image-above elementor-cta--mobile-layout-image-above elementor-widget__width-inherit elementor-cta--layout-image-left elementor-cta--skin-classic elementor-animated-content elementor-widget elementor-widget-call-to-action\" data-id=\"3755481\" data-element_type=\"widget\" data-widget_type=\"call-to-action.default\">\n\t\t\t\t<div class=\"elementor-widget-container\">\n\t\t\t\t\t\t\t<div class=\"elementor-cta\">\n\t\t\t\t\t<div class=\"elementor-cta__bg-wrapper\">\n\t\t\t\t<div class=\"elementor-cta__bg elementor-bg\" style=\"background-image: url(https:\/\/w10b.de\/testserver\/hallenbad\/wp-content\/uploads\/2015\/06\/Turm-1280x720.jpg);\" role=\"img\" aria-label=\"Turm\"><\/div>\n\t\t\t\t<div class=\"elementor-cta__bg-overlay\"><\/div>\n\t\t\t<\/div>\n\t\t\t\t\t\t\t<div class=\"elementor-cta__content\">\n\t\t\t\t\n\t\t\t\t\t\t\t\t\t<h3 class=\"elementor-cta__title elementor-cta__content-item elementor-content-item\">\n\t\t\t\t\t\tErm\u00e4\u00dfigungen\t\t\t\t\t<\/h3>\n\t\t\t\t\n\t\t\t\t\t\t\t\t\t<div class=\"elementor-cta__description elementor-cta__content-item elementor-content-item\">\n\t\t\t\t\t\tSollte es nicht anders vermerkt sein, gelten erm\u00e4\u00dfigte Eintrittspreise f\u00fcr Sch\u00fcler*innen, Studierende, Auszubildende, Arbeitslose, Freiwilligendienstleistende (Bufdis, FSJ, F\u00d6J\u2026), Kulturkreismitglieder, Rentner*innen und Schwerbehinderte gegen Vorlage eines amtlichen Ausweises. Bitte halten Sie den entsprechenden Ausweis beim Einlass bereit.\t\t\t\t\t<\/div>\n\t\t\t\t\n\t\t\t\t\t\t\t<\/div>\n\t\t\t\t\t\t<\/div>\n\t\t\t\t\t\t<\/div>\n\t\t\t\t<\/div>\n\t\t\t\t<div class=\"elementor-element elementor-element-63a8569 elementor-cta--tablet-layout-image-above elementor-cta--mobile-layout-image-above elementor-widget__width-inherit elementor-cta--layout-image-right elementor-cta--skin-classic elementor-animated-content elementor-widget elementor-widget-call-to-action\" data-id=\"63a8569\" data-element_type=\"widget\" data-widget_type=\"call-to-action.default\">\n\t\t\t\t<div class=\"elementor-widget-container\">\n\t\t\t\t\t\t\t<div class=\"elementor-cta\">\n\t\t\t\t\t<div class=\"elementor-cta__bg-wrapper\">\n\t\t\t\t<div class=\"elementor-cta__bg elementor-bg\" style=\"background-image: url(https:\/\/w10b.de\/testserver\/hallenbad\/wp-content\/uploads\/2015\/09\/Behindertenparkplaetze-1280x720.jpg);\" role=\"img\" aria-label=\"Behindertenparkplaetze\"><\/div>\n\t\t\t\t<div class=\"elementor-cta__bg-overlay\"><\/div>\n\t\t\t<\/div>\n\t\t\t\t\t\t\t<div class=\"elementor-cta__content\">\n\t\t\t\t\n\t\t\t\t\t\t\t\t\t<h3 class=\"elementor-cta__title elementor-cta__content-item elementor-content-item\">\n\t\t\t\t\t\tMenschen mit Behinderung\t\t\t\t\t<\/h3>\n\t\t\t\t\n\t\t\t\t\t\t\t\t\t<div class=\"elementor-cta__description elementor-cta__content-item elementor-content-item\">\n\t\t\t\t\t\tEin barrierefreier Zugang zum Hallenbad ist m\u00f6glich. Wenden Sie sich bitte an unsere Mitarbeiter*innen. Behindertengerechte Parkpl\u00e4tze sind am Haupteingang \u00fcber Zufahrt Kantallee vorhanden. Begleitpersonen von Behinderten (Vermerk B im Ausweis) haben freien Eintritt. Wir bitten Sie, entsprechende Tickets zu buchen. Bei Schwierigkeiten wenden Sie sich an 05361 2728100.\t\t\t\t\t<\/div>\n\t\t\t\t\n\t\t\t\t\t\t\t<\/div>\n\t\t\t\t\t\t<\/div>\n\t\t\t\t\t\t<\/div>\n\t\t\t\t<\/div>\n\t\t\t\t<\/div>\n\t\t\t\t\t<\/div>\n\t\t\t\t<\/div>\n\t\t\t\t<\/div>\n\t\t","protected":false},"excerpt":{"rendered":"<p>Infos zum Vorverkauf Karten k\u00f6nnen Sie an zwei Tagen die\u00a0 Woche auch direkt im Hallenbad erwerben. Unser B\u00fcro hat Dienstag und Donnerstag von 10.00 Uhr bis 16.00 Uhr f\u00fcr Sie ge\u00f6ffnet. Montag, Mittwoch und Freitag bleibt das B\u00fcro geschlossen. Eine telefonsiche Kartenreservierung ist neun Tage g\u00fcltig, sp\u00e4testens einen Tag vor der Veranstaltung m\u00fcssen die Karten [&hellip;]<\/p>\n","protected":false},"author":1,"featured_media":2978,"parent":0,"menu_order":0,"comment_status":"closed","ping_status":"closed","template":"","meta":{"footnotes":""},"class_list":["post-92","page","type-page","status-publish","has-post-thumbnail","hentry"],"_links":{"self":[{"href":"https:\/\/w10b.de\/testserver\/hallenbad\/wp-json\/wp\/v2\/pages\/92","targetHints":{"allow":["GET"]}}],"collection":[{"href":"https:\/\/w10b.de\/testserver\/hallenbad\/wp-json\/wp\/v2\/pages"}],"about":[{"href":"https:\/\/w10b.de\/testserver\/hallenbad\/wp-json\/wp\/v2\/types\/page"}],"author":[{"embeddable":true,"href":"https:\/\/w10b.de\/testserver\/hallenbad\/wp-json\/wp\/v2\/users\/1"}],"replies":[{"embeddable":true,"href":"https:\/\/w10b.de\/testserver\/hallenbad\/wp-json\/wp\/v2\/comments?post=92"}],"version-history":[{"count":156,"href":"https:\/\/w10b.de\/testserver\/hallenbad\/wp-json\/wp\/v2\/pages\/92\/revisions"}],"predecessor-version":[{"id":19923,"href":"https:\/\/w10b.de\/testserver\/hallenbad\/wp-json\/wp\/v2\/pages\/92\/revisions\/19923"}],"wp:featuredmedia":[{"embeddable":true,"href":"https:\/\/w10b.de\/testserver\/hallenbad\/wp-json\/wp\/v2\/media\/2978"}],"wp:attachment":[{"href":"https:\/\/w10b.de\/testserver\/hallenbad\/wp-json\/wp\/v2\/media?parent=92"}],"curies":[{"name":"wp","href":"https:\/\/api.w.org\/{rel}","templated":true}]}}